{"id":21271,"date":"2023-01-24T13:40:17","date_gmt":"2023-01-24T18:40:17","guid":{"rendered":"https:\/\/tourdesarts.com\/tour-des-arts-strategic-partners\/"},"modified":"2026-03-24T16:32:53","modified_gmt":"2026-03-24T20:32:53","slug":"tour-des-arts-strategic-partners","status":"publish","type":"page","link":"https:\/\/tourdesarts.com\/en\/tour-des-arts-strategic-partners\/","title":{"rendered":"Tour des Arts Strategic Partners"},"content":{"rendered":"\n<h1>\n\t\tOur strategic partners 2025\n\t<\/h1>\n\t<h3>Your contribution plays an important role in the development<br \/>\nof the of the arts in the magnificent Brome-Missisquoi region.<\/h3>\n<h3>Thank you for believing in our artists!<\/h3>\n<h2>\n\t\tOur trusted financial partners\n\t<\/h2>\n<h3>\n\t\tGOLD\n\t<\/h3>\n\t\t\t\t<a href=\"https:\/\/www.canada.ca\/en\/canadian-heritage.html\"  target=\"_blank\" rel=\"noopener\"  itemprop=\"url\">\n\t\t\t\t<img loading=\"lazy\" decoding=\"async\" src=\"https:\/\/tourdesarts.com\/wp-content\/uploads\/2017\/05\/wordmark-cmyk.png\" alt=\"Canada\" itemprop=\"image\" height=\"84\" width=\"351\" title=\"Canada\" onerror=\"this.style.display='none'\"  \/>\n\t\t\t\t<\/a>\n\t\t\t\t<a href=\"http:\/\/www.sodec.gouv.qc.ca\"  target=\"_blank\" rel=\"noopener\"  itemprop=\"url\">\n\t\t\t\t<img loading=\"lazy\" decoding=\"async\" src=\"https:\/\/tourdesarts.com\/wp-content\/uploads\/2017\/05\/logo_sodec_2_2c-2016.png\" alt=\"Soci\u00e9t\u00e9 de d\u00e9veloppement des entreprises culturelles\" itemprop=\"image\" height=\"84\" width=\"351\" title=\"Soci\u00e9t\u00e9 de d\u00e9veloppement des entreprises culturelles\" onerror=\"this.style.display='none'\"  \/>\n\t\t\t\t<\/a>\n\t\t\t\t<a href=\"https:\/\/sutton.ca\/en\"  target=\"_blank\" rel=\"noopener\"  itemprop=\"url\">\n\t\t\t\t<img loading=\"lazy\" decoding=\"async\" src=\"https:\/\/tourdesarts.com\/wp-content\/uploads\/2017\/05\/logo-ville-de-Suttonbilingue.png\" alt=\"Ville de Sutton\" itemprop=\"image\" height=\"145\" width=\"205\" title=\"Ville de Sutton\" onerror=\"this.style.display='none'\"  \/>\n\t\t\t\t<\/a>\n\t\t\t\t<a href=\"https:\/\/ville.lac-brome.qc.ca\"  target=\"_blank\" rel=\"noopener\"  itemprop=\"url\">\n\t\t\t\t<img loading=\"lazy\" decoding=\"async\" src=\"https:\/\/tourdesarts.com\/wp-content\/uploads\/2017\/05\/LacBrome_logo_CMYK.png\" alt=\"Ville de Lac Brome\" itemprop=\"image\" height=\"163\" width=\"181\" title=\"Ville de Lac Brome\" onerror=\"this.style.display='none'\"  \/>\n\t\t\t\t<\/a>\n\t\t\t\t<img loading=\"lazy\" decoding=\"async\" src=\"https:\/\/tourdesarts.com\/wp-content\/uploads\/2017\/05\/LogoClaireLeger.jpg\" alt=\"Claire L\u00e9ger\" itemprop=\"image\" height=\"67\" width=\"287\" title=\"Claire L\u00e9ger\" onerror=\"this.style.display='none'\"  \/>\n<h3>\n\t\tSILVER\n\t<\/h3>\n\t\t\t\t<img loading=\"lazy\" decoding=\"async\" src=\"https:\/\/tourdesarts.com\/wp-content\/uploads\/2017\/05\/AI_Fruchter.jpg\" alt=\"Anna &amp; Irwin Fruchter\" itemprop=\"image\" height=\"88\" width=\"237\" title=\"Anna &amp; Irwin Fruchter\" onerror=\"this.style.display='none'\"  \/>\n<h3>\n\t\tBRONZE\n\t<\/h3>\n\t\t\t\t<a href=\"https:\/\/www.assnat.qc.ca\/fr\/deputes\/charest-isabelle-17845\/coordonnees.html\"  target=\"_blank\" rel=\"noopener\"  itemprop=\"url\">\n\t\t\t\t<img loading=\"lazy\" decoding=\"async\" src=\"https:\/\/tourdesarts.com\/wp-content\/uploads\/2024\/04\/Logo-Deputee-I.-Charest-300x300-1.jpg\" alt=\"Logo-Deputee-I.-Charest-300x300-1\" itemprop=\"image\" height=\"300\" width=\"300\" title=\"Logo-Deputee-I.-Charest-300x300-1\" onerror=\"this.style.display='none'\"  \/>\n\t\t\t\t<\/a>\n\t\t\t\t<a href=\"https:\/\/www.pm.gc.ca\/fr\/cabinet\/lhonorable-pascale-st-onge\"  target=\"_blank\" rel=\"noopener\"  itemprop=\"url\">\n\t\t\t\t<img loading=\"lazy\" decoding=\"async\" src=\"https:\/\/tourdesarts.com\/wp-content\/uploads\/2024\/04\/PSO-2022-Logo-500.jpg\" alt=\"PSO-2022-Logo-500\" itemprop=\"image\" height=\"124\" width=\"500\" title=\"PSO-2022-Logo-500\" onerror=\"this.style.display='none'\"  \/>\n\t\t\t\t<\/a>\n\t\t\t\t<a href=\"http:\/\/www.hyroglifex.com\/\"  target=\"_blank\" rel=\"noopener\"  itemprop=\"url\">\n\t\t\t\t<img loading=\"lazy\" decoding=\"async\" src=\"https:\/\/tourdesarts.com\/wp-content\/uploads\/2017\/05\/LogoHyroglifex.jpg\" alt=\"Hyroglifex\" itemprop=\"image\" height=\"90\" width=\"217\" title=\"Hyroglifex\" onerror=\"this.style.display='none'\"  \/>\n\t\t\t\t<\/a>\n\t\t\t\t<a href=\"https:\/\/potton.ca\/\"  target=\"_blank\" rel=\"noopener\"  itemprop=\"url\">\n\t\t\t\t<img loading=\"lazy\" decoding=\"async\" src=\"https:\/\/tourdesarts.com\/wp-content\/uploads\/2017\/05\/LogoPotton.jpg\" alt=\"Potton\" itemprop=\"image\" height=\"136\" width=\"154\" title=\"Potton\" onerror=\"this.style.display='none'\"  \/>\n\t\t\t\t<\/a>\n\t\t\t\t<a href=\"http:\/\/www.abercorn.ca\/\"  target=\"_blank\" rel=\"noopener\"  itemprop=\"url\">\n\t\t\t\t<img loading=\"lazy\" decoding=\"async\" src=\"https:\/\/tourdesarts.com\/wp-content\/uploads\/2018\/05\/logo_abercorn.jpg\" alt=\"logo_abercorn\" itemprop=\"image\" height=\"376\" width=\"556\" title=\"logo_abercorn\" onerror=\"this.style.display='none'\"  \/>\n\t\t\t\t<\/a>\n\t\t\t\t<a href=\"https:\/\/bolton-ouest.ca\/\"  target=\"_blank\" rel=\"noopener\"  itemprop=\"url\">\n\t\t\t\t<img loading=\"lazy\" decoding=\"async\" src=\"https:\/\/tourdesarts.com\/wp-content\/uploads\/2023\/05\/Bolton_Ouest_Vertical.png\" alt=\"Bolton_Ouest_Vertical\" itemprop=\"image\" height=\"360\" width=\"288\" title=\"Bolton_Ouest_Vertical\" onerror=\"this.style.display='none'\"  \/>\n\t\t\t\t<\/a>\n\t\t\t\t<a href=\"http:\/\/www.boltonest.ca\/\"  target=\"_blank\" rel=\"noopener\"  itemprop=\"url\">\n\t\t\t\t<img loading=\"lazy\" decoding=\"async\" src=\"https:\/\/tourdesarts.com\/wp-content\/uploads\/2023\/05\/Bolton-Est-logo-couleur-RGB.png\" alt=\"Bolton-Est logo couleur RGB\" itemprop=\"image\" height=\"1695\" width=\"3000\" title=\"Bolton-Est logo couleur RGB\" onerror=\"this.style.display='none'\"  \/>\n\t\t\t\t<\/a>\n\t\t\t\t<a href=\"https:\/\/bromevillage.ca\/\"  target=\"_blank\" rel=\"noopener\"  itemprop=\"url\">\n\t\t\t\t<img loading=\"lazy\" decoding=\"async\" src=\"https:\/\/tourdesarts.com\/wp-content\/uploads\/2023\/05\/Village-de-Brome-logo.png\" alt=\"Village-de-Brome-logo\" itemprop=\"image\" height=\"536\" width=\"637\" title=\"Village-de-Brome-logo\" onerror=\"this.style.display='none'\"  \/>\n\t\t\t\t<\/a>\n<h2>\n\t\tOur valued corporate partners\n\t<\/h2>\n<h3>\n\t\tCr\u00e9ation &#8211; $1 000 to $2 499\n\t<\/h3>\n\t\t\t\t<a href=\"https:\/\/www.cidi991.com\/\"  target=\"_blank\" rel=\"noopener\"  itemprop=\"url\">\n\t\t\t\t<img loading=\"lazy\" decoding=\"async\" src=\"https:\/\/tourdesarts.com\/wp-content\/uploads\/2025\/04\/CIDI.jpg\" alt=\"CIDI\" itemprop=\"image\" height=\"480\" width=\"480\" title=\"CIDI\" onerror=\"this.style.display='none'\"  \/>\n\t\t\t\t<\/a>\n<h6>\n\t\tProud media sponsor of the<br \/>Tour des Arts\n\t<\/h6>\n\t\t\t\t<a href=\"https:\/\/rucherboltonnois.net\/Accueil.aspx\"  target=\"_blank\" rel=\"noopener\"  itemprop=\"url\">\n\t\t\t\t<img loading=\"lazy\" decoding=\"async\" src=\"https:\/\/tourdesarts.com\/wp-content\/uploads\/2025\/03\/Logo-Rucher-c.png\" alt=\"Logo Rucher c\" itemprop=\"image\" height=\"664\" width=\"1066\" title=\"Logo Rucher c\" onerror=\"this.style.display='none'\"  \/>\n\t\t\t\t<\/a>\n\t\t\t\t<a href=\"https:\/\/qrco.de\/bfKpYX\"  target=\"_blank\" rel=\"noopener\"  itemprop=\"url\">\n\t\t\t\t<img loading=\"lazy\" decoding=\"async\" src=\"https:\/\/tourdesarts.com\/wp-content\/uploads\/2025\/03\/Mike_Cyr_Blue_SIRQ_right_justified_01-1.png\" alt=\"Mike_Cyr_Blue_SIRQ_right_justified_01-1\" itemprop=\"image\" height=\"221\" width=\"640\" title=\"Mike_Cyr_Blue_SIRQ_right_justified_01-1\" onerror=\"this.style.display='none'\"  \/>\n\t\t\t\t<\/a>\n\t\t\t\t<a href=\"https:\/\/www.lacbromemuseum.ca\/\"  target=\"_blank\" rel=\"noopener\"  itemprop=\"url\">\n\t\t\t\t<img loading=\"lazy\" decoding=\"async\" src=\"https:\/\/tourdesarts.com\/wp-content\/uploads\/2025\/03\/MUSEE_LAC_BROME_MUSEUM_ROUGE.avif\" alt=\"MUSE\u0301E_LAC_BROME_MUSEUM_ROUGE\" itemprop=\"image\" height=\"79\" width=\"237\" title=\"MUSE\u0301E_LAC_BROME_MUSEUM_ROUGE\" onerror=\"this.style.display='none'\"  \/>\n\t\t\t\t<\/a>\n<h3>\n\t\tR\u00e9alisation &#8211; $500 to $999\n\t<\/h3>\n\t\t\t\t<img loading=\"lazy\" decoding=\"async\" src=\"https:\/\/tourdesarts.com\/wp-content\/uploads\/2025\/03\/LAPLUME-Final-Logo-2025.jpg\" alt=\"LAPLUME-Final-Logo-2025\" itemprop=\"image\" height=\"940\" width=\"1200\" title=\"LAPLUME-Final-Logo-2025\" onerror=\"this.style.display='none'\"  \/>\n\n","protected":false},"excerpt":{"rendered":"<p>Our strategic partners 2025 Your contribution plays an important role in the development of the of the arts in the magnificent Brome-Missisquoi region. Thank you for believing in our artists! Our trusted financial partners GOLD SILVER BRONZE Our valued corporate partners Cr\u00e9ation &#8211; $1 000 to $2 499 Proud media sponsor of theTour des Arts&hellip;<\/p>\n","protected":false},"author":2,"featured_media":0,"parent":0,"menu_order":72,"comment_status":"closed","ping_status":"closed","template":"","meta":{"_acf_changed":false,"footnotes":""},"class_list":["post-21271","page","type-page","status-publish","hentry"],"acf":[],"yoast_head":"<!-- This site is optimized with the Yoast SEO plugin v27.4 - https:\/\/yoast.com\/product\/yoast-seo-wordpress\/ -->\n<title>Tour des Arts: Our Strategic Partners<\/title>\n<meta name=\"description\" content=\"The Tour des Arts would like to thank its sponsors. Encourage them to continue encouraging us!\" \/>\n<meta name=\"robots\" content=\"index, follow, max-snippet:-1, max-image-preview:large, max-video-preview:-1\" \/>\n<link rel=\"canonical\" href=\"https:\/\/tourdesarts.com\/en\/tour-des-arts-strategic-partners\/\" \/>\n<meta property=\"og:locale\" content=\"en_US\" \/>\n<meta property=\"og:type\" content=\"article\" \/>\n<meta property=\"og:title\" content=\"Tour des Arts: Our Strategic Partners\" \/>\n<meta property=\"og:description\" content=\"The Tour des Arts would like to thank its sponsors. Encourage them to continue encouraging us!\" \/>\n<meta property=\"og:url\" content=\"https:\/\/tourdesarts.com\/en\/tour-des-arts-strategic-partners\/\" \/>\n<meta property=\"og:site_name\" content=\"Tour des Arts\" \/>\n<meta property=\"article:publisher\" content=\"https:\/\/www.facebook.com\/letourdesarts\/\" \/>\n<meta property=\"article:modified_time\" content=\"2026-03-24T20:32:53+00:00\" \/>\n<meta property=\"og:image\" content=\"https:\/\/tourdesarts.com\/wp-content\/uploads\/2020\/05\/Corporate_Sponsors_2020.png\" \/>\n<meta name=\"twitter:card\" content=\"summary_large_image\" \/>\n<script type=\"application\/ld+json\" class=\"yoast-schema-graph\">{\"@context\":\"https:\\\/\\\/schema.org\",\"@graph\":[{\"@type\":\"WebPage\",\"@id\":\"https:\\\/\\\/tourdesarts.com\\\/en\\\/tour-des-arts-strategic-partners\\\/\",\"url\":\"https:\\\/\\\/tourdesarts.com\\\/en\\\/tour-des-arts-strategic-partners\\\/\",\"name\":\"Tour des Arts: Our Strategic Partners\",\"isPartOf\":{\"@id\":\"https:\\\/\\\/tourdesarts.com\\\/en\\\/#website\"},\"primaryImageOfPage\":{\"@id\":\"https:\\\/\\\/tourdesarts.com\\\/en\\\/tour-des-arts-strategic-partners\\\/#primaryimage\"},\"image\":{\"@id\":\"https:\\\/\\\/tourdesarts.com\\\/en\\\/tour-des-arts-strategic-partners\\\/#primaryimage\"},\"thumbnailUrl\":\"https:\\\/\\\/tourdesarts.com\\\/wp-content\\\/uploads\\\/2017\\\/05\\\/wordmark-cmyk.png\",\"datePublished\":\"2023-01-24T18:40:17+00:00\",\"dateModified\":\"2026-03-24T20:32:53+00:00\",\"description\":\"The Tour des Arts would like to thank its sponsors. Encourage them to continue encouraging us!\",\"breadcrumb\":{\"@id\":\"https:\\\/\\\/tourdesarts.com\\\/en\\\/tour-des-arts-strategic-partners\\\/#breadcrumb\"},\"inLanguage\":\"en-US\",\"potentialAction\":[{\"@type\":\"ReadAction\",\"target\":[\"https:\\\/\\\/tourdesarts.com\\\/en\\\/tour-des-arts-strategic-partners\\\/\"]}]},{\"@type\":\"ImageObject\",\"inLanguage\":\"en-US\",\"@id\":\"https:\\\/\\\/tourdesarts.com\\\/en\\\/tour-des-arts-strategic-partners\\\/#primaryimage\",\"url\":\"https:\\\/\\\/tourdesarts.com\\\/wp-content\\\/uploads\\\/2017\\\/05\\\/wordmark-cmyk.png\",\"contentUrl\":\"https:\\\/\\\/tourdesarts.com\\\/wp-content\\\/uploads\\\/2017\\\/05\\\/wordmark-cmyk.png\"},{\"@type\":\"BreadcrumbList\",\"@id\":\"https:\\\/\\\/tourdesarts.com\\\/en\\\/tour-des-arts-strategic-partners\\\/#breadcrumb\",\"itemListElement\":[{\"@type\":\"ListItem\",\"position\":1,\"name\":\"Accueil\",\"item\":\"https:\\\/\\\/tourdesarts.com\\\/en\\\/home\\\/\"},{\"@type\":\"ListItem\",\"position\":2,\"name\":\"Tour des Arts Strategic Partners\"}]},{\"@type\":\"WebSite\",\"@id\":\"https:\\\/\\\/tourdesarts.com\\\/en\\\/#website\",\"url\":\"https:\\\/\\\/tourdesarts.com\\\/en\\\/\",\"name\":\"Tour des Arts\",\"description\":\"Venez c\u00e9l\u00e9brer la prochaine \u00e9dition du Tour des Arts dans les magnifiques Cantons de l\u2019Est du Qu\u00e9bec et d\u00e9couvrez des artistes et artisans \u00e0 l\u2019\u0153uvre dans leurs ateliers!\",\"publisher\":{\"@id\":\"https:\\\/\\\/tourdesarts.com\\\/en\\\/#organization\"},\"potentialAction\":[{\"@type\":\"SearchAction\",\"target\":{\"@type\":\"EntryPoint\",\"urlTemplate\":\"https:\\\/\\\/tourdesarts.com\\\/en\\\/?s={search_term_string}\"},\"query-input\":{\"@type\":\"PropertyValueSpecification\",\"valueRequired\":true,\"valueName\":\"search_term_string\"}}],\"inLanguage\":\"en-US\"},{\"@type\":\"Organization\",\"@id\":\"https:\\\/\\\/tourdesarts.com\\\/en\\\/#organization\",\"name\":\"Tour des Arts\",\"url\":\"https:\\\/\\\/tourdesarts.com\\\/en\\\/\",\"logo\":{\"@type\":\"ImageObject\",\"inLanguage\":\"en-US\",\"@id\":\"https:\\\/\\\/tourdesarts.com\\\/en\\\/#\\\/schema\\\/logo\\\/image\\\/\",\"url\":\"https:\\\/\\\/tourdesarts.com\\\/wp-content\\\/uploads\\\/2017\\\/05\\\/icone-du-site.png\",\"contentUrl\":\"https:\\\/\\\/tourdesarts.com\\\/wp-content\\\/uploads\\\/2017\\\/05\\\/icone-du-site.png\",\"width\":512,\"height\":512,\"caption\":\"Tour des Arts\"},\"image\":{\"@id\":\"https:\\\/\\\/tourdesarts.com\\\/en\\\/#\\\/schema\\\/logo\\\/image\\\/\"},\"sameAs\":[\"https:\\\/\\\/www.facebook.com\\\/letourdesarts\\\/\",\"https:\\\/\\\/www.instagram.com\\\/letourdesarts\\\/\"]}]}<\/script>\n<!-- \/ Yoast SEO plugin. -->","yoast_head_json":{"title":"Tour des Arts: Our Strategic Partners","description":"The Tour des Arts would like to thank its sponsors. Encourage them to continue encouraging us!","robots":{"index":"index","follow":"follow","max-snippet":"max-snippet:-1","max-image-preview":"max-image-preview:large","max-video-preview":"max-video-preview:-1"},"canonical":"https:\/\/tourdesarts.com\/en\/tour-des-arts-strategic-partners\/","og_locale":"en_US","og_type":"article","og_title":"Tour des Arts: Our Strategic Partners","og_description":"The Tour des Arts would like to thank its sponsors. Encourage them to continue encouraging us!","og_url":"https:\/\/tourdesarts.com\/en\/tour-des-arts-strategic-partners\/","og_site_name":"Tour des Arts","article_publisher":"https:\/\/www.facebook.com\/letourdesarts\/","article_modified_time":"2026-03-24T20:32:53+00:00","og_image":[{"url":"https:\/\/tourdesarts.com\/wp-content\/uploads\/2020\/05\/Corporate_Sponsors_2020.png","type":"","width":"","height":""}],"twitter_card":"summary_large_image","schema":{"@context":"https:\/\/schema.org","@graph":[{"@type":"WebPage","@id":"https:\/\/tourdesarts.com\/en\/tour-des-arts-strategic-partners\/","url":"https:\/\/tourdesarts.com\/en\/tour-des-arts-strategic-partners\/","name":"Tour des Arts: Our Strategic Partners","isPartOf":{"@id":"https:\/\/tourdesarts.com\/en\/#website"},"primaryImageOfPage":{"@id":"https:\/\/tourdesarts.com\/en\/tour-des-arts-strategic-partners\/#primaryimage"},"image":{"@id":"https:\/\/tourdesarts.com\/en\/tour-des-arts-strategic-partners\/#primaryimage"},"thumbnailUrl":"https:\/\/tourdesarts.com\/wp-content\/uploads\/2017\/05\/wordmark-cmyk.png","datePublished":"2023-01-24T18:40:17+00:00","dateModified":"2026-03-24T20:32:53+00:00","description":"The Tour des Arts would like to thank its sponsors. Encourage them to continue encouraging us!","breadcrumb":{"@id":"https:\/\/tourdesarts.com\/en\/tour-des-arts-strategic-partners\/#breadcrumb"},"inLanguage":"en-US","potentialAction":[{"@type":"ReadAction","target":["https:\/\/tourdesarts.com\/en\/tour-des-arts-strategic-partners\/"]}]},{"@type":"ImageObject","inLanguage":"en-US","@id":"https:\/\/tourdesarts.com\/en\/tour-des-arts-strategic-partners\/#primaryimage","url":"https:\/\/tourdesarts.com\/wp-content\/uploads\/2017\/05\/wordmark-cmyk.png","contentUrl":"https:\/\/tourdesarts.com\/wp-content\/uploads\/2017\/05\/wordmark-cmyk.png"},{"@type":"BreadcrumbList","@id":"https:\/\/tourdesarts.com\/en\/tour-des-arts-strategic-partners\/#breadcrumb","itemListElement":[{"@type":"ListItem","position":1,"name":"Accueil","item":"https:\/\/tourdesarts.com\/en\/home\/"},{"@type":"ListItem","position":2,"name":"Tour des Arts Strategic Partners"}]},{"@type":"WebSite","@id":"https:\/\/tourdesarts.com\/en\/#website","url":"https:\/\/tourdesarts.com\/en\/","name":"Tour des Arts","description":"Venez c\u00e9l\u00e9brer la prochaine \u00e9dition du Tour des Arts dans les magnifiques Cantons de l\u2019Est du Qu\u00e9bec et d\u00e9couvrez des artistes et artisans \u00e0 l\u2019\u0153uvre dans leurs ateliers!","publisher":{"@id":"https:\/\/tourdesarts.com\/en\/#organization"},"potentialAction":[{"@type":"SearchAction","target":{"@type":"EntryPoint","urlTemplate":"https:\/\/tourdesarts.com\/en\/?s={search_term_string}"},"query-input":{"@type":"PropertyValueSpecification","valueRequired":true,"valueName":"search_term_string"}}],"inLanguage":"en-US"},{"@type":"Organization","@id":"https:\/\/tourdesarts.com\/en\/#organization","name":"Tour des Arts","url":"https:\/\/tourdesarts.com\/en\/","logo":{"@type":"ImageObject","inLanguage":"en-US","@id":"https:\/\/tourdesarts.com\/en\/#\/schema\/logo\/image\/","url":"https:\/\/tourdesarts.com\/wp-content\/uploads\/2017\/05\/icone-du-site.png","contentUrl":"https:\/\/tourdesarts.com\/wp-content\/uploads\/2017\/05\/icone-du-site.png","width":512,"height":512,"caption":"Tour des Arts"},"image":{"@id":"https:\/\/tourdesarts.com\/en\/#\/schema\/logo\/image\/"},"sameAs":["https:\/\/www.facebook.com\/letourdesarts\/","https:\/\/www.instagram.com\/letourdesarts\/"]}]}},"_links":{"self":[{"href":"https:\/\/tourdesarts.com\/en\/wp-json\/wp\/v2\/pages\/21271","targetHints":{"allow":["GET"]}}],"collection":[{"href":"https:\/\/tourdesarts.com\/en\/wp-json\/wp\/v2\/pages"}],"about":[{"href":"https:\/\/tourdesarts.com\/en\/wp-json\/wp\/v2\/types\/page"}],"author":[{"embeddable":true,"href":"https:\/\/tourdesarts.com\/en\/wp-json\/wp\/v2\/users\/2"}],"replies":[{"embeddable":true,"href":"https:\/\/tourdesarts.com\/en\/wp-json\/wp\/v2\/comments?post=21271"}],"version-history":[{"count":0,"href":"https:\/\/tourdesarts.com\/en\/wp-json\/wp\/v2\/pages\/21271\/revisions"}],"wp:attachment":[{"href":"https:\/\/tourdesarts.com\/en\/wp-json\/wp\/v2\/media?parent=21271"}],"curies":[{"name":"wp","href":"https:\/\/api.w.org\/{rel}","templated":true}]}}